{"id":28,"date":"2024-03-04T16:57:14","date_gmt":"2024-03-04T15:57:14","guid":{"rendered":"https:\/\/www.journee-mondiale.com\/se\/?page_id=28"},"modified":"2025-02-04T04:18:27","modified_gmt":"2025-02-04T09:18:27","slug":"historien-varldsdagarna","status":"publish","type":"page","link":"https:\/\/www.journee-mondiale.com\/se\/historien-varldsdagarna\/","title":{"rendered":"Historien om V\u00e4rldsdagarna"},"content":{"rendered":"<p class=\"whitespace-pre-wrap\">Id\u00e9n att skapa en webbplats till\u00e4gnad <strong>V\u00e4rldsdagarna<\/strong> som firas runt om i v\u00e4rlden f\u00f6ddes &#8221;en vacker morgon&#8221; 2004 i Vincent Tondeux sinne, som medan han lyssnade p\u00e5 nyhetsrapporter p\u00e5 radion, slogs av antalet tillk\u00e4nnagivanden om v\u00e4rldsdagar han kunde h\u00f6ra varje dag.<\/p>\n<h2><strong>Fr\u00e5n id\u00e9 till webbplats<\/strong><\/h2>\n<p class=\"whitespace-pre-wrap\">Webbplatsen du uppt\u00e4cker idag \u00e4r den <strong>tredje versionen<\/strong>, omdesignad <strong>2019<\/strong> f\u00f6r att b\u00e4ttre passa internetanv\u00e4ndare som anv\u00e4nder sina smartphones.<\/p>\n<h2><strong>Dokument\u00e4r forskning<\/strong><\/h2>\n<p class=\"whitespace-pre-wrap\">Den dokument\u00e4ra forskningen visade sig snabbt vara m\u00f6dosam, och uppt\u00e4ckten av existerande v\u00e4rldsdagar kopplades snabbt ihop med uppgiften att verifiera dessa dagars &#8221;giltighet&#8221;&#8230; man utropar inte sig sj\u00e4lv till en <strong>V\u00e4rldsdag<\/strong>.<\/p>\n<p class=\"whitespace-pre-wrap\">Detta forskningsarbete gav en mer precis bild av v\u00e4rldsdagarnas f\u00f6respr\u00e5kare, som kan grupperas i olika kategorier:<\/p>\n<ul class=\"list-disc pl-8 space-y-2\">\n<li class=\"whitespace-normal\">De obestridliga: FN, UNESCO och organisationer kopplade till dem.<\/li>\n<li class=\"whitespace-normal\">NGO:er: deras legitimitet kommer fr\u00e5n kvaliteten p\u00e5 deras arbete. Ingen skulle ifr\u00e5gas\u00e4tta Raoul Follereaus v\u00e4lgrundade V\u00e4rldslepradag&#8230;<\/li>\n<li class=\"whitespace-normal\">Kyrkor: V\u00e4rldsfredsdag instiftades av katolska kyrkan 1979 p\u00e5 initiativ av p\u00e5ve Johannes Paulus II, och det var inte f\u00f6rr\u00e4n 2001 som F\u00f6renta nationerna skapade sin internationella fredsdag!<\/li>\n<li class=\"whitespace-normal\">F\u00f6reningar: V\u00e4rldsblindadagen, V\u00e4rldsd\u00f6vadagen etc. initieras ofta av f\u00f6reningar vars uppdrag \u00e4r att hj\u00e4lpa dem. Tyv\u00e4rr agerar de inte alltid p\u00e5 ett mycket organiserat s\u00e4tt och till exempel finns det olika dagar f\u00f6r blinda i olika l\u00e4nder. Man skulle n\u00e4stan kunna g\u00e5 vilse!<\/li>\n<li class=\"whitespace-normal\">P\u00e5tryckningsgrupper: termen kan vara underh\u00e5llande, men vad s\u00e4gs om dagar som K\u00f6p-ingenting-dagen eller Ingen-mobiltelefon-dagen?<\/li>\n<li class=\"whitespace-normal\">De oklassificerbara: Nationella ostdagen och Pastadagen \u00e4r en del av det&#8230; tillsammans med Skrattdagen.<\/li>\n<\/ul>\n<p class=\"whitespace-pre-wrap\">I vilket fall som helst ville vi inte skapa censur och har listat maximalt antal dagar s\u00e5 l\u00e4nge de inte kr\u00e4nker m\u00e4nniskans v\u00e4rdighet eller h\u00e4rstammar fr\u00e5n organisationer som listas som sekter.<\/p>\n<h2><strong>En officiell &#8221;V\u00e4rldsdag&#8221;-etikett?<\/strong><\/h2>\n<p class=\"whitespace-pre-wrap\">Finns det en officiell etikett? Svaret p\u00e5 denna fr\u00e5ga \u00e4r, helt logiskt, <strong>nej<\/strong>. V\u00e4rldsdagar har inf\u00f6rts gradvis, tack vare deras f\u00f6respr\u00e5kares kommunikationsinsatser, och inget officiellt organ ansvarar f\u00f6r att dela ut en V\u00e4rldsdags-etikett.<\/p>\n<p class=\"whitespace-pre-wrap\">S\u00e5, om du k\u00e4nner f\u00f6r det och vill fr\u00e4mja en dag, \u00e4r allt m\u00f6jligt&#8230; men t\u00e4nk p\u00e5 att du kommer att beh\u00f6va mod, t\u00e5lamod, arbete och en god dos tur f\u00f6r att f\u00e5nga medias uppm\u00e4rksamhet, som kan ta till sig din dag f\u00f6r att g\u00f6ra den k\u00e4nd f\u00f6r st\u00f6rsta m\u00f6jliga antal m\u00e4nniskor.<\/p>\n","protected":false},"excerpt":{"rendered":"<p>Id\u00e9n att skapa en webbplats till\u00e4gnad V\u00e4rldsdagarna som firas runt om i v\u00e4rlden f\u00f6ddes &#8221;en vacker morgon&#8221; 2004 i Vincent Tondeux sinne, som medan han lyssnade p\u00e5 nyhetsrapporter p\u00e5 radion, slogs av antalet tillk\u00e4nnagivanden om v\u00e4rldsdagar han kunde h\u00f6ra varje dag. Fr\u00e5n id\u00e9 till webbplats Webbplatsen du uppt\u00e4cker idag \u00e4r den tredje versionen, omdesignad 2019 &#8230; <a title=\"Historien om V\u00e4rldsdagarna\" class=\"read-more\" href=\"https:\/\/www.journee-mondiale.com\/se\/historien-varldsdagarna\/\" aria-label=\"L\u00e4s mer om Historien om V\u00e4rldsdagarna\">Lire plus<\/a><\/p>\n","protected":false},"author":1,"featured_media":0,"parent":0,"menu_order":0,"comment_status":"closed","ping_status":"closed","template":"","meta":{"footnotes":""},"class_list":["post-28","page","type-page","status-publish"],"acf":[],"_yoast_wpseo_primary_category":null,"_yoast_wpseo_title":null,"_yoast_wpseo_metadesc":null,"_links":{"self":[{"href":"https:\/\/www.journee-mondiale.com\/se\/wp-json\/wp\/v2\/pages\/28","targetHints":{"allow":["GET"]}}],"collection":[{"href":"https:\/\/www.journee-mondiale.com\/se\/wp-json\/wp\/v2\/pages"}],"about":[{"href":"https:\/\/www.journee-mondiale.com\/se\/wp-json\/wp\/v2\/types\/page"}],"author":[{"embeddable":true,"href":"https:\/\/www.journee-mondiale.com\/se\/wp-json\/wp\/v2\/users\/1"}],"replies":[{"embeddable":true,"href":"https:\/\/www.journee-mondiale.com\/se\/wp-json\/wp\/v2\/comments?post=28"}],"version-history":[{"count":2,"href":"https:\/\/www.journee-mondiale.com\/se\/wp-json\/wp\/v2\/pages\/28\/revisions"}],"predecessor-version":[{"id":12065,"href":"https:\/\/www.journee-mondiale.com\/se\/wp-json\/wp\/v2\/pages\/28\/revisions\/12065"}],"wp:attachment":[{"href":"https:\/\/www.journee-mondiale.com\/se\/wp-json\/wp\/v2\/media?parent=28"}],"curies":[{"name":"wp","href":"https:\/\/api.w.org\/{rel}","templated":true}]}}