{"id":28,"date":"2024-03-04T16:57:14","date_gmt":"2024-03-04T15:57:14","guid":{"rendered":"https:\/\/www.journee-mondiale.com\/es\/?page_id=28"},"modified":"2025-03-24T01:47:52","modified_gmt":"2025-03-24T05:47:52","slug":"nuestra-historia","status":"publish","type":"page","link":"https:\/\/www.journee-mondiale.com\/es\/nuestra-historia\/","title":{"rendered":"La historia del sitio World Days"},"content":{"rendered":"<p>La idea de crear un sitio web dedicado a los <strong>D\u00edas Mundiales<\/strong> celebrados en todo el mundo germin\u00f3 \u00abuna buena ma\u00f1ana\u00bb de 2004 en la mente de Vincent Tondeux, quien, al escuchar los boletines informativos en la radio, se sorprendi\u00f3 por la cantidad de anuncios de d\u00edas mundiales que pod\u00eda o\u00edr cada d\u00eda.<\/p>\n<p><img decoding=\"async\" class=\"size-full wp-image-29 alignright\" src=\"https:\/\/www.journee-mondiale.com\/en\/wp-content\/uploads\/2024\/03\/journees-mondiales.jpeg\" alt=\"journees-mondiales\" width=\"260\" height=\"247\" \/><\/p>\n<h2><strong>De la idea al sitio web<\/strong><\/h2>\n<p>El sitio que est\u00e1s descubriendo hoy es la <strong>tercera versi\u00f3n<\/strong>, redise\u00f1ada en <strong>2019<\/strong> para adaptarse mejor a los internautas que utilizan sus tel\u00e9fonos inteligentes.<\/p>\n<h2><strong>Investigaci\u00f3n documental<\/strong><\/h2>\n<p>La investigaci\u00f3n documental pronto result\u00f3 ser tediosa, y la detecci\u00f3n de los d\u00edas mundiales existentes se combin\u00f3 r\u00e1pidamente con la tarea de verificar la \u00abvalidez\u00bb de estos d\u00edas&#8230; uno no se autoproclama un <strong>D\u00eda Mundial<\/strong>.<\/p>\n<p>Este trabajo de investigaci\u00f3n permiti\u00f3 tener una idea m\u00e1s precisa de los promotores de los D\u00edas Mundiales, que pueden agruparse en diferentes categor\u00edas:<\/p>\n<ul class=\"list-disc pl-8 space-y-2\">\n<li class=\"whitespace-normal\">Los indiscutibles: la ONU, la UNESCO y las organizaciones vinculadas a ellas.<\/li>\n<li class=\"whitespace-normal\">ONG: su legitimidad proviene de la calidad de su acci\u00f3n. Nadie pensar\u00eda en cuestionar el bien fundado del D\u00eda Mundial contra la Lepra de Raoul Follereau&#8230;<\/li>\n<li class=\"whitespace-normal\">Iglesias: el D\u00eda Mundial de la Paz fue instituido por la Iglesia Cat\u00f3lica en 1979 por iniciativa del Papa Juan Pablo II, \u00a1y no fue hasta 2001 que las Naciones Unidas crearon su D\u00eda Internacional de la Paz!<\/li>\n<li class=\"whitespace-normal\">Asociaciones: el D\u00eda Mundial del Ciego, el D\u00eda Mundial del Sordo, etc., son a menudo iniciativas de asociaciones cuya misi\u00f3n es ayudarlos. Por desgracia, no siempre act\u00faan de forma muy organizada y, por ejemplo, existen diferentes fechas del D\u00eda del Ciego seg\u00fan el pa\u00eds. \u00a1Uno podr\u00eda perderse f\u00e1cilmente!<\/li>\n<li class=\"whitespace-normal\">Grupos de presi\u00f3n: el t\u00e9rmino puede resultar curioso, pero \u00bfqu\u00e9 decir de d\u00edas como el D\u00eda de No Comprar Nada o el D\u00eda Sin Tel\u00e9fono M\u00f3vil?<\/li>\n<li class=\"whitespace-normal\">Los inclasificables: el D\u00eda Nacional del Queso y el D\u00eda de la Pasta forman parte de esta categor\u00eda&#8230; junto con el D\u00eda de la Risa.<\/li>\n<\/ul>\n<p>En cualquier caso, no quisimos establecer censura y hemos enumerado el mayor n\u00famero posible de d\u00edas, siempre que no atenten contra la dignidad humana ni provengan de organizaciones catalogadas como sectas.<\/p>\n<h2><strong>\u00bfUna etiqueta oficial de \u00abD\u00eda Mundial\u00bb?<\/strong><\/h2>\n<p>\u00bfExiste una etiqueta oficial? La respuesta a esta pregunta es, l\u00f3gicamente, <strong>no<\/strong>. Los d\u00edas mundiales se han establecido poco a poco, gracias a los esfuerzos de comunicaci\u00f3n de sus promotores, y ning\u00fan organismo oficial es responsable de otorgar una etiqueta de D\u00eda Mundial.<\/p>\n<p>As\u00ed que, si te apetece y deseas promover un d\u00eda, todo es posible&#8230; sin embargo, debes saber que necesitar\u00e1s valor, paciencia, trabajo y una buena dosis de suerte para captar la atenci\u00f3n de los medios, que tal vez se hagan eco de tu d\u00eda para darlo a conocer al mayor n\u00famero de personas posible.<\/p>\n","protected":false},"excerpt":{"rendered":"<p>La idea de crear un sitio web dedicado a los D\u00edas Mundiales celebrados en todo el mundo germin\u00f3 \u00abuna buena ma\u00f1ana\u00bb de 2004 en la mente de Vincent Tondeux, quien, al escuchar los boletines informativos en la radio, se sorprendi\u00f3 por la cantidad de anuncios de d\u00edas mundiales que pod\u00eda o\u00edr cada d\u00eda. De la &#8230; <a title=\"La historia del sitio World Days\" class=\"read-more\" href=\"https:\/\/www.journee-mondiale.com\/es\/nuestra-historia\/\" aria-label=\"Leer m\u00e1s sobre La historia del sitio World Days\">Lire plus<\/a><\/p>\n","protected":false},"author":1,"featured_media":0,"parent":0,"menu_order":0,"comment_status":"closed","ping_status":"closed","template":"","meta":{"footnotes":""},"class_list":["post-28","page","type-page","status-publish"],"acf":[],"_yoast_wpseo_primary_category":null,"_yoast_wpseo_title":null,"_yoast_wpseo_metadesc":null,"_links":{"self":[{"href":"https:\/\/www.journee-mondiale.com\/es\/wp-json\/wp\/v2\/pages\/28","targetHints":{"allow":["GET"]}}],"collection":[{"href":"https:\/\/www.journee-mondiale.com\/es\/wp-json\/wp\/v2\/pages"}],"about":[{"href":"https:\/\/www.journee-mondiale.com\/es\/wp-json\/wp\/v2\/types\/page"}],"author":[{"embeddable":true,"href":"https:\/\/www.journee-mondiale.com\/es\/wp-json\/wp\/v2\/users\/1"}],"replies":[{"embeddable":true,"href":"https:\/\/www.journee-mondiale.com\/es\/wp-json\/wp\/v2\/comments?post=28"}],"version-history":[{"count":4,"href":"https:\/\/www.journee-mondiale.com\/es\/wp-json\/wp\/v2\/pages\/28\/revisions"}],"predecessor-version":[{"id":12187,"href":"https:\/\/www.journee-mondiale.com\/es\/wp-json\/wp\/v2\/pages\/28\/revisions\/12187"}],"wp:attachment":[{"href":"https:\/\/www.journee-mondiale.com\/es\/wp-json\/wp\/v2\/media?parent=28"}],"curies":[{"name":"wp","href":"https:\/\/api.w.org\/{rel}","templated":true}]}}